{"version":"1.0","provider_name":"Sourire","provider_url":"https:\/\/sourire.cafeblog.hu","author_name":"Mignon.","author_url":"https:\/\/sourire.cafeblog.hu\/author\/mignon\/","title":"THEMakeUpBag.","html":"Halih\u00f3 Napsugaraim!\r\nHamarabb j\u00f6tt a h\u00e9tv\u00e9ge, hamarabb j\u00f6ttem \u00e9n is.\r\n\u00dagy gondoltam, megmutatom nektek, hogy mi az a p\u00e1r apr\u00f3s\u00e1g, ami mindig ott van a smink t\u00e1sk\u00e1mban, \u00e9s ha nem kell nagy g\u00e1la sminket csin\u00e1lnom, akkor csak ezeket viszem magammal, MINDENHOVA.\r\n\u00c9s nem mellesleg, ez egy kezd\u0151 smink k\u00e9szletnek sem rossz, azokn\u00e1l, akik csak most kezdtek el sminkelgetni.\r\nEl\u0151sz\u00f6r is nem \u00e1rt egy neszesszer, aminek min\u00e9l t\u00f6bb fakkja van, amibe lehet pakolni ann\u00e1l jobb, \u00e9n a 4 fakkosat szeretem, \u00edgy k\u00fcl\u00f6n tudok pakolni szemre, arcra, sz\u00e1jra, \u00e9s egy\u00e9b kell\u00e9keket.\r\n<a href=\"https:\/\/sourire.cafeblog.hu\/files\/2014\/04\/DSCN2975.jpg\"><img class=\"aligncenter size-medium wp-image-66\" alt=\"DSCN2975\" src=\"https:\/\/sourire.cafeblog.hu\/files\/2014\/04\/DSCN2975-300x225.jpg\" width=\"300\" height=\"225\" \/><\/a>Azt\u00e1n a legfontosabb, amit m\u00e9g a legsminkmentesebb napomon is magamra kenek, a BB kr\u00e9m. Nem szeretem az alapoz\u00f3t, lehet hogy csak bemes\u00e9lem magamnak, de \u00e9rzem az arcomon, nekem t\u00f6k\u00e9letes a BB kr\u00e9m, de ha valaki valami er\u0151sebb fed\u00e9s\u0171t szeretne, ott a CC kr\u00e9m.\r\n<a href=\"https:\/\/sourire.cafeblog.hu\/files\/2014\/04\/DSCN2982.jpg\"><img class=\"aligncenter size-medium wp-image-67\" alt=\"DSCN2982\" src=\"https:\/\/sourire.cafeblog.hu\/files\/2014\/04\/DSCN2982-300x225.jpg\" width=\"300\" height=\"225\" \/><\/a>Elmaradhatatlan, az ajkak hidrat\u00e1l\u00e1sa, ha esetleg \u00fagy d\u00f6nt\u00f6k, hogy valami er\u0151sebb r\u00fazst is szeretn\u00e9k, akkor is kenek al\u00e1 egy kis ajakbalzsamot.\r\n<a href=\"https:\/\/sourire.cafeblog.hu\/files\/2014\/04\/DSCN2973.jpg\"><img class=\"aligncenter size-medium wp-image-57\" alt=\"DSCN2973\" src=\"https:\/\/sourire.cafeblog.hu\/files\/2014\/04\/DSCN2973-300x225.jpg\" width=\"300\" height=\"225\" \/><\/a>(Oriflame)\r\nEzut\u00e1n j\u00f6nnek a szemek, el\u0151sz\u00f6r is a szempilla spir\u00e1l, ami csak egy egyszer\u0171 alapoz\u00e1st is feldob. Nyugodtan haszn\u00e1lj k\u00fcl\u00f6n d\u00fas\u00edt\u00f3t, \u00e9s hosszabb\u00edt\u00f3t, hisz a legnagyobb smink mesterek, ak\u00e1r 3-4 f\u00e9le spir\u00e1lt is haszn\u00e1lnak.\r\n<a href=\"https:\/\/sourire.cafeblog.hu\/files\/2014\/04\/DSCN2976.jpg\"><img class=\"aligncenter size-medium wp-image-68\" alt=\"DSCN2976\" src=\"https:\/\/sourire.cafeblog.hu\/files\/2014\/04\/DSCN2976-225x300.jpg\" width=\"225\" height=\"300\" \/><\/a>(Avon)\r\n<a href=\"https:\/\/sourire.cafeblog.hu\/files\/2014\/04\/DSCN2977.jpg\"><img class=\"aligncenter size-medium wp-image-69\" alt=\"DSCN2977\" src=\"https:\/\/sourire.cafeblog.hu\/files\/2014\/04\/DSCN2977-300x225.jpg\" width=\"300\" height=\"225\" \/><\/a>(Oriflame)\r\n\u00c9s ami m\u00e9g magabiztosabb\u00e1 tesz, egy rossz napon is, a szemceruza, vagy a tus. \u00c9n a filces tussal b\u00e1nok k\u00f6nnyebben, ez szerintem egy\u00e9nt\u0151l f\u00fcgg, hogy ki mit tanul meg el\u0151bb haszn\u00e1lni.\r\n<a href=\"https:\/\/sourire.cafeblog.hu\/files\/2014\/04\/DSCN2986.jpg\"><img class=\"aligncenter size-medium wp-image-70\" alt=\"DSCN2986\" src=\"https:\/\/sourire.cafeblog.hu\/files\/2014\/04\/DSCN2986-230x300.jpg\" width=\"230\" height=\"300\" \/><\/a> <a href=\"https:\/\/sourire.cafeblog.hu\/files\/2014\/04\/DSCN2990.jpg\"><img class=\"aligncenter size-medium wp-image-71\" alt=\"DSCN2990\" src=\"https:\/\/sourire.cafeblog.hu\/files\/2014\/04\/DSCN2990-300x248.jpg\" width=\"300\" height=\"248\" \/><\/a>(Avon)\r\n\r\nMinden sminkemet \u00e1ttiszt\u00edtom id\u0151nk\u00e9nt, gy\u00f3gyszert\u00e1rba kaphat\u00f3 sebbenzinnel, vagy fert\u0151tlen\u00edt\u0151 alkohollal, amit egy kis k\u00f6lnis \u00fcvegcs\u00e9be t\u00f6lt\u00f6k, \u00e9s mindent kedvemre \u00f6sszef\u00fajk\u00e1lhatok.\r\n\r\nRem\u00e9lem tetszett a bejegyz\u00e9s, \u00e1ll\u00edts\u00e1tok \u00f6ssze ti is a kezd\u0151 sminkk\u00e9szleteteket, vagy az utaz\u00f3 sminkk\u00e9szletet.\r\nLegyetek rosszak!","type":"rich","thumbnail_url":"https:\/\/sourire.cafeblog.hu\/files\/2014\/04\/DSCN2975-150x150.jpg","thumbnail_width":150,"thumbnail_height":150}