{"version":"1.0","provider_name":"Sourire","provider_url":"https:\/\/sourire.cafeblog.hu","author_name":"Mignon.","author_url":"https:\/\/sourire.cafeblog.hu\/author\/mignon\/","title":"Ballag\u00e1s.","html":"Halih\u00f3 Napsugaraim!\r\nMindenki ballag legal\u00e1bb egyszer. Jobb esetben h\u00e1romszor, ovib\u00f3l, \u00e1ltal\u00e1nosb\u00f3l, \u00e9s k\u00f6z\u00e9psulib\u00f3l. Ezek k\u00f6z\u00fcl, a legnagyobb horderej\u0171, amire mindenki \u00fagy k\u00e9sz\u00fcl, mintha minimum az esk\u00fcv\u0151je lenne, az a k\u00f6z\u00e9piskolai ballag\u00e1s.\r\n\u00c9s mivel mindenki a legszebb szeretne lenni, sz\u00f6rny\u0171 hib\u00e1kat lehet v\u00e9teni.\r\nN\u00e1lunk ma volt a ballag\u00e1s, \u00e9s a v\u00e1roson v\u00e9gig vonul\u00f3 di\u00e1kseregez l\u00e1tva, \u00fagy \u00e9reztem, ezt meg kell \u00edrnom.\r\n\r\nRuha.\r\nNos itt nincs t\u00fal sok v\u00e1laszt\u00e1si lehet\u0151s\u00e9g, mert egys\u00e9ges.\r\n<a href=\"https:\/\/sourire.cafeblog.hu\/files\/2014\/05\/04.jpg\"><img class=\"aligncenter size-medium wp-image-85\" alt=\"04\" src=\"https:\/\/sourire.cafeblog.hu\/files\/2014\/05\/04-300x174.jpg\" width=\"300\" height=\"174\" \/><\/a>\r\n\r\nSmink.\r\nTudom sokaknak kozmetikus csin\u00e1lja, \u00e9s ett\u0151l r\u00f6gt\u00f6n azt hiszik hogy az \u00fagy biztosan j\u00f3, meg alkalomhoz ill\u0151. De olyan mos\u00f3maci szemeket tudnak festeni, bocs\u00e1nat akarom mondani \u00e9jszakai g\u00e1la sminket, hogy az a reggelif\u00e9nyben sz\u00f6rny\u0171, hi\u00e1ba lenne am\u00fagy sz\u00e9p. A kevesebb n\u00e9ha t\u00f6bb!!! \u00c9s nem mellesleg, egy tusvonal kev\u00e9sb\u00e9 cs\u00fanya les\u00edrva, mint egy f\u00fcst\u00f6s fekete szem.\r\nFelejtsd el:<a href=\"https:\/\/sourire.cafeblog.hu\/files\/2014\/05\/images.jpg\"><img class=\"aligncenter size-full wp-image-86\" alt=\"images\" src=\"https:\/\/sourire.cafeblog.hu\/files\/2014\/05\/images.jpg\" width=\"225\" height=\"225\" \/><\/a>\r\nPr\u00f3b\u00e1ld ki:\u00a0<a href=\"https:\/\/sourire.cafeblog.hu\/files\/2014\/05\/let\u00f6lt\u00e9s.jpg\"><img class=\"aligncenter size-full wp-image-87\" alt=\"let\u00f6lt\u00e9s\" src=\"https:\/\/sourire.cafeblog.hu\/files\/2014\/05\/let\u00f6lt\u00e9s.jpg\" width=\"260\" height=\"194\" \/><\/a>\r\n\r\nHaj.\r\nEgyet jegyezz meg, a kevesebb itt is t\u00f6bb! \u00c9s ez nem az esk\u00fcv\u0151d!\r\nOlyan esk\u00fcv\u0151i kontyokat l\u00e1ttam, \u00e9s olyan bes\u00fct\u00f6tt hajakat, amiken t\u00f6bb volt a lakk mint maga a haj. Ez undor\u00edt\u00f3, \u00e9s nem mellesleg nem is tesz j\u00f3t a hajadnak. Senki nem fogja azt mondani, hogy h\u00fa de gy\u00f6ny\u00f6r\u0171 a hajad, ha az olyan kem\u00e9ny, mintha m\u0171anyagb\u00f3l lenne. Kevesebb lakk, kevesebb feltornyozott konty, kevesebb term\u00e9szet ellenes hull\u00e1m.\r\nFelejtsd el:<a href=\"https:\/\/sourire.cafeblog.hu\/files\/2014\/05\/1.jpg\"><img class=\"aligncenter size-medium wp-image-88\" alt=\"1\" src=\"https:\/\/sourire.cafeblog.hu\/files\/2014\/05\/1-225x300.jpg\" width=\"225\" height=\"300\" \/><\/a>\r\nPr\u00f3b\u00e1ld ki:<a href=\"https:\/\/sourire.cafeblog.hu\/files\/2014\/05\/Viragos-eskuvoi-hajfonatok_799bad5a3b514f096e69bbc4a7896cd9.jpg\"><img class=\"aligncenter size-medium wp-image-89\" alt=\"Viragos-eskuvoi-hajfonatok_799bad5a3b514f096e69bbc4a7896cd9\" src=\"https:\/\/sourire.cafeblog.hu\/files\/2014\/05\/Viragos-eskuvoi-hajfonatok_799bad5a3b514f096e69bbc4a7896cd9-206x300.jpg\" width=\"206\" height=\"300\" \/><\/a>\r\n\r\nRem\u00e9lem adtam n\u00e9h\u00e1ny hasznos tan\u00e1csot.\r\nLegyetek rosszak! &lt;3","type":"rich","thumbnail_url":"https:\/\/sourire.cafeblog.hu\/files\/2014\/05\/Viragos-eskuvoi-hajfonatok_799bad5a3b514f096e69bbc4a7896cd9-150x150.jpg","thumbnail_width":150,"thumbnail_height":150}