{"version":"1.0","provider_name":"Sourire","provider_url":"https:\/\/sourire.cafeblog.hu","author_name":"Mignon.","author_url":"https:\/\/sourire.cafeblog.hu\/author\/mignon\/","title":"SummerNightMakeup.","html":"Halih\u00f3 Napsugaraim!\r\nN\u00e1latok milyen id\u0151 van? Itt nagyon rossz.\r\nGondoltam kicsit feldobom a hangulatom egy sz\u00e9p k\u00e9k sminkel, de azt\u00e1n addig addig sminkelgettem m\u00edg ink\u00e1bb, egy esti smink lett bel\u0151le. Sz\u00f3val most j\u00f6n egy k\u00e9k ny\u00e1r est\u00e9kre val\u00f3 smink.\r\nSzeretem a k\u00e9ket, rossz id\u0151ben feldob ez a sz\u00edn. J\u00f3 id\u0151ben pedig tudt\u00e1tok, hogy az embernek h\u0171v\u00f6s \u00e9rzete van ett\u0151l a sz\u00ednt\u0151l? \u00c9rdemes f\u00fclleszt\u0151 ny\u00e1ri napokon halv\u00e1ny k\u00e9ket hordani.\r\nSz\u00f3val mint m\u00e1r eml\u00edtettem, nem tudom mit csin\u00e1lok rosszul, de nem tudom a szeme f\u00e9nyk\u00e9pezni, \u00fagyhogy ism\u00e9t lapon hoztam a sminket.\r\n\r\nels\u0151 l\u00e9p\u00e9sk\u00e9nt az eg\u00e9sz mozg\u00f3 szemh\u00e9jat fess\u00fck be, egy nagyon vil\u00e1gos sz\u00ednnel. N\u00e1lam ez most feh\u00e9r, de lehet b\u00e9zs, vagy t\u00f6rt feh\u00e9r is. Ezt a palett\u00e1t, <strong>LA<\/strong> -b\u0151l kaptam.\r\n\r\n<a href=\"https:\/\/sourire.cafeblog.hu\/files\/2014\/06\/DSCN3136.jpg\"><img class=\"aligncenter size-medium wp-image-121\" src=\"https:\/\/sourire.cafeblog.hu\/files\/2014\/06\/DSCN3136-300x225.jpg\" alt=\"DSCN3136\" width=\"300\" height=\"225\" \/><\/a>\r\n\r\n&nbsp;\r\n\r\nA k\u00f6vetkez\u0151 sz\u00ednt a<strong> Mac<\/strong> palett\u00e1mb\u00f3l v\u00e1lasztottam ki, de b\u00e1rmilyen sz\u00e9p k\u00e9k megteszi. A sz\u00ednt, a szem h\u00e1romnegyed r\u00e9sz\u00e9re fesd, \u00e9s kifel\u00e9 m\u00e9ly\u00edtsd.<a href=\"https:\/\/sourire.cafeblog.hu\/files\/2014\/06\/DSCN3137.jpg\"><img class=\"aligncenter size-medium wp-image-122\" src=\"https:\/\/sourire.cafeblog.hu\/files\/2014\/06\/DSCN3137-300x225.jpg\" alt=\"DSCN3137\" width=\"300\" height=\"225\" \/><\/a>\r\n\r\nEzek ut\u00e1n, a k\u00fcls\u0151 V-be kell felvinni, egy kis feket\u00e9t. \u00c9n ehhez a <strong>S-he<\/strong> csillog\u00f3s feket\u00e9j\u00e9t v\u00e1lasztottam.<a href=\"https:\/\/sourire.cafeblog.hu\/files\/2014\/06\/DSCN3140.jpg\"><img class=\"aligncenter size-medium wp-image-123\" src=\"https:\/\/sourire.cafeblog.hu\/files\/2014\/06\/DSCN3140-300x225.jpg\" alt=\"DSCN3140\" width=\"300\" height=\"225\" \/><\/a>\r\n\r\nEzut\u00e1n, m\u00e1r csak egy sz\u00e9p v\u00e9kony tusvonalra van sz\u00fcks\u00e9g\u00fcnk. Szebbre, \u00e9s v\u00e9konyabbra mint amit nekem siker\u00fclt a pap\u00edrra rajzolnom. :$<a href=\"https:\/\/sourire.cafeblog.hu\/files\/2014\/06\/DSCN3141.jpg\"><img class=\"aligncenter size-medium wp-image-124\" src=\"https:\/\/sourire.cafeblog.hu\/files\/2014\/06\/DSCN3141-300x225.jpg\" alt=\"DSCN3141\" width=\"300\" height=\"225\" \/><\/a>\r\n\r\n&nbsp;\r\n\r\nEzut\u00e1n m\u00e1r csak a szempill\u00e1inkat kell megcsin\u00e1lnunk. \u00c9n ehhez a <strong>Maybelline<\/strong> \u00faj szempillaspir\u00e1lj\u00e1t haszn\u00e1ltam. Ti kipr\u00f3b\u00e1lt\u00e1tok m\u00e1r? \u00c9n egyszer\u0171en im\u00e1dom!<a href=\"https:\/\/sourire.cafeblog.hu\/files\/2014\/06\/DSCN3142.jpg\"><img class=\"aligncenter size-medium wp-image-125\" src=\"https:\/\/sourire.cafeblog.hu\/files\/2014\/06\/DSCN3142-225x300.jpg\" alt=\"DSCN3142\" width=\"225\" height=\"300\" \/><\/a>","type":"rich","thumbnail_url":"https:\/\/sourire.cafeblog.hu\/files\/2014\/06\/DSCN3140-150x150.jpg","thumbnail_width":150,"thumbnail_height":150}