{"version":"1.0","provider_name":"Sourire","provider_url":"https:\/\/sourire.cafeblog.hu","author_name":"Mignon.","author_url":"https:\/\/sourire.cafeblog.hu\/author\/mignon\/","title":"AF\u00e9s\u0171.","html":"Halih\u00f3 Napsugaraim!\r\nMa egy kicsit haj\u00e1polunk. \u00c9s azon bel\u00fcl is a f\u00e9s\u0171kr\u0151l lesz sz\u00f3.\r\nKezdj\u00fck is.<a href=\"https:\/\/sourire.cafeblog.hu\/files\/2014\/08\/large-1.jpg\"><img class=\"aligncenter size-medium wp-image-158\" src=\"https:\/\/sourire.cafeblog.hu\/files\/2014\/08\/large-1-298x300.jpg\" alt=\"large (1)\" width=\"298\" height=\"300\" \/><\/a>\r\n\r\nA haj\u00e1pol\u00e1sban, nem csak a sampon, \u00e9s a balzsam sz\u00e1m\u00edt, hanem nagyon fontos szerepet j\u00e1tszik a f\u00e9s\u0171 is. Ha nem a hajt\u00edpusunknak megfelel\u0151t v\u00e1lasztunk, akkor m\u00e9g komoly s\u00e9r\u00fcl\u00e9seket is okozhatunk a hajunknak.\r\n<a href=\"https:\/\/sourire.cafeblog.hu\/files\/2014\/08\/large.jpg\"><img class=\"aligncenter size-medium wp-image-160\" src=\"https:\/\/sourire.cafeblog.hu\/files\/2014\/08\/large-300x184.jpg\" alt=\"large\" width=\"300\" height=\"184\" \/><\/a>\r\n\r\nEl\u0151sz\u00f6r is kezdj\u00fck a f\u00e9s\u0171k t\u00edpusaival.\r\n<p style=\"color: #808080\">Tup\u00edrf\u00e9s\u0171:<\/p>\r\n<p style=\"color: #808080\">A haj megemel\u00e9s\u00e9re szolg\u00e1l. A k\u00e9szre sz\u00e1r\u00edtott frizur\u00e1t tup\u00edrozhatod. F\u00e9s\u00fcld \u00e1t a hajadat, majd a fejtet\u0151t\u0151l ind\u00edtva v\u00e1lassz fel egy-egy tincset \u00e9s\u00a0a tup\u00edrf\u00e9s\u0171d seg\u00edts\u00e9g\u00e9vel a hajsz\u00e1lakat told a hajt\u0151h\u00f6z, f\u00fajd le lakkal a tart\u00f3ss\u00e1g\u00e9rt. (egyszer megmutatta egy fodr\u00e1sz ismer\u0151s\u00f6m, hogy csak j\u00f3l kell tudni b\u00e1nni a lakkal, \u00e9s a tup\u00edrf\u00e9s\u0171vel, \u00e9s akkora frizur\u00e1nk is lehet mint egy oroszl\u00e1n s\u00f6r\u00e9ny ;)... farsangra nem is rossz \u00f6tlet)<a href=\"https:\/\/sourire.cafeblog.hu\/files\/2014\/08\/234-371-large.jpg\"><img class=\"aligncenter size-full wp-image-147\" src=\"https:\/\/sourire.cafeblog.hu\/files\/2014\/08\/234-371-large.jpg\" alt=\"234-371-large\" width=\"300\" height=\"300\" \/><\/a><\/p>\r\nK\u00f6rkefe:\r\n\r\nA haj besz\u00e1r\u00edt\u00e1s\u00e1ra haszn\u00e1ljuk. R\u00f6vid hajn\u00e1l a kisebb \u00e1tm\u00e9r\u0151j\u0171vel t\u00f6k\u00e9letes bubi frizur\u00e1t k\u00e9sz\u00edthet\u00fcnk, \u00a0nagyobb m\u00e9rtet hossz\u00fa hajn\u00e1l haszn\u00e1lva pedig l\u00e1ny hull\u00e1mokat, vagy aranyosan befel\u00e9 g\u00f6nd\u00f6r\u00f6d\u0151 v\u00e9geket k\u00e9sz\u00edthet\u00fcnk.<a href=\"https:\/\/sourire.cafeblog.hu\/files\/2014\/08\/termek_fokep_nanothermic.jpg\"><img class=\"aligncenter size-medium wp-image-154\" src=\"https:\/\/sourire.cafeblog.hu\/files\/2014\/08\/termek_fokep_nanothermic-300x176.jpg\" alt=\"termek_fokep_nanothermic\" width=\"300\" height=\"176\" \/><\/a>\r\n<p style=\"color: #808080\">Lapos, nagy m\u00e9ret\u0171 kefe:<\/p>\r\n<p style=\"color: #808080\">Ezzel \u00a0a \u00a0hajadat \u00a0egyenesre \u00a0tudod \u00a0sz\u00e1r\u00edtani \u00a0\u00e9s \u00a0a \u00a0legjobb \u00a0a\u00a0f\u00e9s\u00fclk\u00f6d\u00e9shez, m\u00e9g a leghosszabb hajon is, k\u00f6nnyen \u00e9s gyorsan \u00e1t\u00e9rsz vele. Nem egy utols\u00f3 szempont, ha az ember rohan reggelente.<a href=\"https:\/\/sourire.cafeblog.hu\/files\/2014\/08\/lbmpdlw_kcom10.jpg\"><img class=\"aligncenter size-medium wp-image-153\" src=\"https:\/\/sourire.cafeblog.hu\/files\/2014\/08\/lbmpdlw_kcom10-300x300.jpg\" alt=\"lbmpdlw_kcom10\" width=\"300\" height=\"300\" \/><\/a><\/p>\r\nNagyfog\u00fa f\u00e9s\u0171:\r\n\r\nA hajmos\u00e1s ut\u00e1ni kif\u00e9s\u00fcl\u00e9shez j\u00f3.<a href=\"https:\/\/sourire.cafeblog.hu\/files\/2014\/08\/2814420_b68c088bef4fac64bfb1ecf4bdefce89_wm.jpg\"><img class=\"aligncenter size-medium wp-image-149\" src=\"https:\/\/sourire.cafeblog.hu\/files\/2014\/08\/2814420_b68c088bef4fac64bfb1ecf4bdefce89_wm-300x246.jpg\" alt=\"2814420_b68c088bef4fac64bfb1ecf4bdefce89_wm\" width=\"300\" height=\"246\" \/><\/a><a href=\"https:\/\/sourire.cafeblog.hu\/files\/2014\/08\/cb17_1_big.jpg\"><img class=\"aligncenter size-full wp-image-151\" src=\"https:\/\/sourire.cafeblog.hu\/files\/2014\/08\/cb17_1_big.jpg\" alt=\"cb17_1_big\" width=\"300\" height=\"156\" \/><\/a>\r\n\r\nMost pedig j\u00f6jjenek a hajt\u00edpusok, \u00e9s hogy milyen f\u00e9s\u0171k a legjobbak nekik.\r\n\r\nV\u00e9kony sz\u00e1l\u00fa:\r\n\r\nA v\u00e9kony sz\u00e1l\u00fa haj legnagyobb probl\u00e9m\u00e1ja nem is az hogy lapos \u00e9s er\u0151tlen, hanem, hogy s\u00e9r\u00fcl\u00e9keny, ez\u00e9rt \u00e9rdemes olyan kef\u00e9t haszn\u00e1lni, ami s\u00f6rt\u00e9s, ez k\u00edm\u00e9letesen b\u00e1nik a l\u00e1gy,t\u00f6r\u00e9keny hajjal.<a href=\"https:\/\/sourire.cafeblog.hu\/files\/2014\/08\/1094805_big.jpg\"><img class=\"aligncenter size-medium wp-image-148\" src=\"https:\/\/sourire.cafeblog.hu\/files\/2014\/08\/1094805_big-300x128.jpg\" alt=\"1094805_big\" width=\"300\" height=\"128\" \/><\/a><a href=\"https:\/\/sourire.cafeblog.hu\/files\/2014\/08\/4f8c2a7cc28b798f5202381b.png\"><img class=\"aligncenter size-full wp-image-146\" src=\"https:\/\/sourire.cafeblog.hu\/files\/2014\/08\/4f8c2a7cc28b798f5202381b.png\" alt=\"4f8c2a7cc28b798f5202381b\" width=\"200\" height=\"200\" \/><\/a>\r\n\r\nVastag sz\u00e1l\u00fa:\r\n\r\nEnnek m\u00e1r jobban sz\u00fcks\u00e9ge van arra, hogy a hajkefe s\u00f6rt\u00e9i \u00e1t\u00e9rj\u00e9k, \u00e9s mindenhol kibogozz\u00e1k az egym\u00e1shoz nagyon ragaszkod\u00f3 tincseket. Itt j\u00f3 szolg\u00e1latot tesz a m\u0171anyag fog\u00fa hajkefe.<a href=\"https:\/\/sourire.cafeblog.hu\/files\/2014\/08\/hairbrush-wooden-bristles.jpg\"><img class=\"aligncenter size-medium wp-image-155\" src=\"https:\/\/sourire.cafeblog.hu\/files\/2014\/08\/hairbrush-wooden-bristles-300x287.jpg\" alt=\"hairbrush-wooden-bristles\" width=\"300\" height=\"287\" \/><\/a><a href=\"https:\/\/sourire.cafeblog.hu\/files\/2014\/08\/2814428_49116e5ff1074e3f42da266d2932933a_wm.jpg\"><img class=\"aligncenter size-medium wp-image-150\" src=\"https:\/\/sourire.cafeblog.hu\/files\/2014\/08\/2814428_49116e5ff1074e3f42da266d2932933a_wm-300x200.jpg\" alt=\"2814428_49116e5ff1074e3f42da266d2932933a_wm\" width=\"300\" height=\"200\" \/><\/a>\r\n\r\nG\u00f6nd\u00f6r haj:\r\n\r\nK\u00f6nnyen gubancol\u00f3dik, ez\u00e9rt \u00e9rdemes olyan hajkef\u00e9t v\u00e1lasztani, aminek egym\u00e1st\u00f3l t\u00e1volabb vannak a fogai.<a href=\"https:\/\/sourire.cafeblog.hu\/files\/2014\/08\/widu-wooden-bristle-brush.jpg\"><img class=\"aligncenter size-medium wp-image-156\" src=\"https:\/\/sourire.cafeblog.hu\/files\/2014\/08\/widu-wooden-bristle-brush-300x200.jpg\" alt=\"widu-wooden-bristle-brush\" width=\"300\" height=\"200\" \/><\/a><a href=\"https:\/\/sourire.cafeblog.hu\/files\/2014\/08\/cb17_1_big.jpg\"><img class=\"aligncenter size-full wp-image-151\" src=\"https:\/\/sourire.cafeblog.hu\/files\/2014\/08\/cb17_1_big.jpg\" alt=\"cb17_1_big\" width=\"300\" height=\"156\" \/><\/a>\r\n\r\nK\u00f6z\u00e9pvastag haj:\r\n\r\nA pont t\u00f6k\u00e9letes, mindenki ilyenr\u0151l \u00e1lmodik. Ehhez j\u00f3 a m\u0171anyag fog\u00fa kefe, \u00e9s az is aminek fogai k\u00f6z\u00f6tt s\u00f6rt\u00e9k is vannak.<a href=\"https:\/\/sourire.cafeblog.hu\/files\/2014\/08\/comair-hajkefe-sorte-fa-7000262-237338.jpg\"><img class=\"aligncenter size-full wp-image-152\" src=\"https:\/\/sourire.cafeblog.hu\/files\/2014\/08\/comair-hajkefe-sorte-fa-7000262-237338.jpg\" alt=\"comair-hajkefe-sorte-fa-7000262-237338\" width=\"240\" height=\"254\" \/><\/a><a href=\"https:\/\/sourire.cafeblog.hu\/files\/2014\/08\/lbmpdlw_kcom10.jpg\"><img class=\"aligncenter size-medium wp-image-153\" src=\"https:\/\/sourire.cafeblog.hu\/files\/2014\/08\/lbmpdlw_kcom10-300x300.jpg\" alt=\"lbmpdlw_kcom10\" width=\"300\" height=\"300\" \/><\/a>\r\n\r\n\u00c9s most egy k\u00e9t j\u00f3 tan\u00e1cs Kis Szandr\u00e1t\u00f3l, a <a title=\"PixiBlog\" href=\"http:\/\/www.pixistudio.hu\/Blog\/minden-amit-a-f-s-kr-l-tudni-rdemes\">PixiBlog<\/a>\u00a0<span style=\"color: #808080\">hairstylistj\u00e1t\u00f3l:<\/span>\r\n<ul style=\"color: #808080\">\r\n\t<li>A f\u00e9s\u0171 ne legyen m\u0171anyag, mert elektromoss\u00e1ggal t\u00f6lti fel a hajsz\u00e1lakat, \u00edgy t\u00f6redezett\u00a0lesz a hajad v\u00e9ge.<\/li>\r\n\t<li>A f\u00e9s\u0171 vagy hajkefe fogai lekerek\u00edtettek legyenek, hogy ne s\u00e9rts\u00e9k fel a fejb\u0151rt.<\/li>\r\n\t<li>A kr\u00e1mia bevonat\u00fa kef\u00e9kkel sokkal gyorsabban lehet form\u00e1zni a hajat \u00e9s k\u00edm\u00e9letes a\u00a0hajsz\u00e1lakkal, mert siklik a hajban.<\/li>\r\n\t<li>Az ionos hat\u00e1s\u00fa k\u00f6rkef\u00e9k tomp\u00edtj\u00e1k a hajsz\u00e1r\u00edt\u00f3 forr\u00f3 leveg\u0151je \u00e1ltal okozott negat\u00edv\u00a0hat\u00e1st, \u00edgy v\u00e9dik a hajsz\u00e1lakat.<\/li>\r\n<\/ul>\r\n\u00c9s m\u00e9g \u00edgy a v\u00e9g\u00e9re b\u00facs\u00faz\u00f3ul, mutatok egy baba hajkef\u00e9t, a hossz\u00fa hajjal sz\u00fcletett bab\u00e1kn\u00e1l szokt\u00e1k haszn\u00e1lni, eml\u00e9kszem volt ilyenem, \u00e9s eg\u00e9szen \u00e1ltal\u00e1nos iskol\u00e1s koromig megvolt (de azt\u00e1n kitudja hov\u00e1 t\u0171nt) Olyan puha volt mint az \u00e1lom. Ezt azoknak aj\u00e1nlom, akiknek m\u00e9g a v\u00e9konyn\u00e1l is v\u00e9konyabb sz\u00e1l\u00fa a hajuk.<a href=\"https:\/\/sourire.cafeblog.hu\/files\/2014\/08\/MG_5488_n-Large-500x500.jpg\"><img class=\"aligncenter size-medium wp-image-157\" src=\"https:\/\/sourire.cafeblog.hu\/files\/2014\/08\/MG_5488_n-Large-500x500-300x300.jpg\" alt=\"_MG_5488_n (Large)-500x500\" width=\"300\" height=\"300\" \/><\/a>\r\n<p style=\"color: #808080\">\u00a0Rem\u00e9lem tetszett, \u00e9s seg\u00edt kiv\u00e1lasztani a t\u00f6k\u00e9letes f\u00e9s\u0171t.\r\nLegyetek Rosszak!<\/p>","type":"rich","thumbnail_url":"https:\/\/sourire.cafeblog.hu\/files\/2014\/08\/large-2-150x150.jpg","thumbnail_width":150,"thumbnail_height":150}